{"id":1241,"date":"2022-02-10T17:06:33","date_gmt":"2022-02-10T20:06:33","guid":{"rendered":"http:\/\/baquedano.com.ar\/sitio\/?page_id=1241"},"modified":"2025-04-24T15:59:54","modified_gmt":"2025-04-24T18:59:54","slug":"historia-2","status":"publish","type":"page","link":"https:\/\/baquedano.com.ar\/sitio\/historia-2\/","title":{"rendered":"Historia"},"content":{"rendered":"<p>[vc_row rt_row_background_width=&#8221;fullwidth&#8221; rt_row_content_width=&#8221;default&#8221; rt_row_style=&#8221;default-style&#8221; rt_row_height=&#8221;&#8221; rt_column_gaps=&#8221;&#8221; rt_row_shadows=&#8221;&#8221; rt_row_borders=&#8221;&#8221; rt_bg_effect=&#8221;classic&#8221; rt_bg_image_repeat=&#8221;repeat&#8221; rt_bg_size=&#8221;cover&#8221; rt_bg_position=&#8221;right top&#8221; rt_bg_attachment=&#8221;scroll&#8221; rt_bg_layer=&#8221;&#8221; rt_bg_video_format=&#8221;self-hosted&#8221;][vc_column rt_bg_effect=&#8221;classic&#8221; rt_bg_image_repeat=&#8221;repeat&#8221; rt_bg_size=&#8221;auto auto&#8221; rt_bg_position=&#8221;right top&#8221; rt_bg_attachment=&#8221;scroll&#8221;][vc_column_text css=&#8221;.vc_custom_1745521188720{background-color: #f2f2f2 !important;}&#8221;]<\/p>\r\n<figure class=\"wp-block-image size-full\"><a href=\"https:\/\/baquedano.com.ar\/sitio\/wp-content\/uploads\/2022\/02\/desde1955.gif\"><img loading=\"lazy\" decoding=\"async\" width=\"230\" height=\"32\" class=\"wp-image-1213\" src=\"https:\/\/baquedano.com.ar\/sitio\/wp-content\/uploads\/2022\/02\/desde1955.gif\" alt=\"\" \/><\/a><\/figure>\r\n\r\n<p>&nbsp;<\/p>\r\n\r\n<div class=\"wp-block-columns is-layout-flex wp-container-core-columns-is-layout-9d6595d7 wp-block-columns-is-layout-flex\">\r\n<div class=\"wp-block-column is-layout-flow wp-block-column-is-layout-flow\" style=\"flex-basis: 66.66%;\">\r\n<p>Un d\u00eda\u00a0 2 de Julio de 1955, tras unirse en matrimonio, Baby y Germ\u00e1n Baquedano se convierten en la RAIZ de esta FAMILIA EMPRESARIA.<\/p>\r\n\r\n<p>En los primeros tiempos, se dedicaban a la confecci\u00f3n de cortinas de interior y acolchados, adem\u00e1s de los tapizados de autom\u00f3viles, los toldos y las lonas. Germ\u00e1n tomaba las medidas y daba colocaci\u00f3n a los trabajos, mientras que Baby los confeccionaba.<\/p>\r\n\r\n<p>En 1958 lograron concretar el primer sue\u00f1o: \u201cvivir en su propia casa\u201d, ubicada en Boulevard Col\u00f3n 1570, en ese momento un solar de toronjas y espinillos, donde armaron su primer taller.<\/p>\r\n\r\n<p>Desde esa casa Germ\u00e1n sal\u00eda a colocar los toldos en su UNICO medio de locomoci\u00f3n: la BICICLETA.<\/p>\r\n<\/div>\r\n\r\n\r\n\r\n<div class=\"wp-block-column is-layout-flow wp-block-column-is-layout-flow\" style=\"flex-basis: 33.33%;\">\r\n<figure class=\"wp-block-image size-full\"><a href=\"https:\/\/baquedano.com.ar\/sitio\/wp-content\/uploads\/2022\/02\/bicicleta.jpg\"><img loading=\"lazy\" decoding=\"async\" width=\"291\" height=\"426\" class=\"wp-image-1211\" src=\"https:\/\/baquedano.com.ar\/sitio\/wp-content\/uploads\/2022\/02\/bicicleta.jpg\" alt=\"\" srcset=\"https:\/\/baquedano.com.ar\/sitio\/wp-content\/uploads\/2022\/02\/bicicleta.jpg 291w, https:\/\/baquedano.com.ar\/sitio\/wp-content\/uploads\/2022\/02\/bicicleta-145x213.jpg 145w, https:\/\/baquedano.com.ar\/sitio\/wp-content\/uploads\/2022\/02\/bicicleta-205x300.jpg 205w\" sizes=\"auto, (max-width: 291px) 100vw, 291px\" \/><\/a><\/figure>\r\n<\/div>\r\n<\/div>\r\n\r\n<p>Cargaba el toldo, la escalera, las herramientas, el alambre y con todo eso en los hombros brincaba sobre su bicicleta, lleno de entusiasmo y alegr\u00eda, surcando el boulevard hasta la casa del cliente.<\/p>\r\n\r\n<p>Eran momentos dif\u00edciles, de grandes esfuerzos y much\u00edsimas horas de trabajo, al punto de no tener feriados ni fines de semanas, aunque DISFRUTABAN de ese esfuerzo, por el apoyo mutuo y el trabajo compartido. Siempre, nos cuentan que muchas noches, escuchando tangos en la radio, pap\u00e1 sacaba a bailar a mam\u00e1 y entre costura y costura se BAILABAN UN TANGUITO\u2026.. \u201cQue linda esa \u00e9poca\u201d ,\u2026.. recuerdan.<\/p>\r\n\r\n<p>Siempre con el af\u00e1n de crecer, lograron con mucho esfuerzo, en el a\u00f1o 1964 abrir un local de venta de accesorios de autom\u00f3viles en la vecina localidad de Rojas.<\/p>\r\n\r\n<p>Luego, en 1972 inauguraron el local comercial, en Boulevard Col\u00f3n 1560, anexando art\u00edculos de camping y juegos de jard\u00edn<\/p>\r\n\r\n<p>Con el paso del tiempo, esta peque\u00f1a empresa se fue consolidando comercialmente, gracias al constante e incansable esfuerzo de este matrimonio, que tuvo y tiene la APTITUD y la ACTITUD de los grandes emprendedores. Siempre dispuestos a enfrentar la realidad tal como se presenta, adapt\u00e1ndose permanentemente a los tiempos modernos, con una acertada visi\u00f3n industrial, sin claudicar ante los m\u00e1s dif\u00edciles momentos.<\/p>\r\n\r\n<p><strong>As\u00ed es que hoy, siguiendo la premisa de \u201cUNION y ESFUERZO\u201d que tanto hemos aprendido de Ellos, nos encontramos todos trabajando EN \u00a0y POR la misma empresa que ellos crearon hace 50 a\u00f1os.<\/strong><\/p>\r\n\r\n<p>&nbsp;<\/p>\r\n\r\n<div class=\"wp-block-columns is-layout-flex wp-container-core-columns-is-layout-9d6595d7 wp-block-columns-is-layout-flex\">\r\n<div class=\"wp-block-column is-layout-flow wp-block-column-is-layout-flow\" style=\"flex-basis: 33.33%;\">\r\n<figure class=\"wp-block-image size-full\"><a href=\"https:\/\/baquedano.com.ar\/sitio\/wp-content\/uploads\/2022\/02\/mapazona.jpg\"><img loading=\"lazy\" decoding=\"async\" width=\"720\" height=\"480\" class=\"wp-image-1216\" src=\"https:\/\/baquedano.com.ar\/sitio\/wp-content\/uploads\/2022\/02\/mapazona.jpg\" alt=\"\" srcset=\"https:\/\/baquedano.com.ar\/sitio\/wp-content\/uploads\/2022\/02\/mapazona.jpg 720w, https:\/\/baquedano.com.ar\/sitio\/wp-content\/uploads\/2022\/02\/mapazona-300x200.jpg 300w, https:\/\/baquedano.com.ar\/sitio\/wp-content\/uploads\/2022\/02\/mapazona-360x240.jpg 360w, https:\/\/baquedano.com.ar\/sitio\/wp-content\/uploads\/2022\/02\/mapazona-400x267.jpg 400w\" sizes=\"auto, (max-width: 720px) 100vw, 720px\" \/><\/a><\/figure>\r\n<\/div>\r\n\r\n\r\n\r\n<div class=\"wp-block-column is-layout-flow wp-block-column-is-layout-flow\" style=\"flex-basis: 66.66%;\">\r\n<p>Poco a poco hemos ido ampliando la zona de comercializaci\u00f3n de nuestros productos, y hoy con orgullo podemos decir que nuestras lonas adem\u00e1s de estar en localidades como Col\u00f3n, Jun\u00edn, Rojas, Salto, San Antonio de Areco, San Andr\u00e9s de Giles, Capit\u00e1n Sarmiento, Ramallo, Z\u00e1rate, San Nicol\u00e1s y dem\u00e1s ciudades de la Provincia de Bs.As., tenemos clientes de provincias tales como: La Pampa, C\u00f3rdoba, Sta. Fe, San Luis, Jujuy , Misiones, Entre R\u00edos. \u00daltimamente tambi\u00e9n atendemos a transportistas de Uruguay, Paraguay, Brasil y Chile, que recorriendo las rutas del MERCOSUR, pasan por la ciudad de Pergamino.<\/p>\r\n\r\n<p>\u00a0<\/p>\r\n<\/div>\r\n<\/div>\r\n\r\n<p>&nbsp;<\/p>\r\n\r\n<div class=\"wp-block-columns is-layout-flex wp-container-core-columns-is-layout-9d6595d7 wp-block-columns-is-layout-flex\">\r\n<div class=\"wp-block-column is-layout-flow wp-block-column-is-layout-flow\" style=\"flex-basis: 66.66%;\">\r\n<p>En el a\u00f1o 2000 inauguramos <strong>BAQUEDANO Hnos<\/strong>. en plena Ruta 8, taller de reparaci\u00f3n y medidas con el objetivo de acercarnos a los clientes y logrando as\u00ed un verdadero pulm\u00f3n en la actividad de confecci\u00f3n de lonas.<\/p>\r\n\r\n<p>Los fuertes y permanentes cambios nos obligan a mantenernos actualizados y dispuestos a seguir evolucionando.<\/p>\r\n<\/div>\r\n\r\n\r\n\r\n<div class=\"wp-block-column is-layout-flow wp-block-column-is-layout-flow\" style=\"flex-basis: 33.33%;\">\r\n<figure class=\"wp-block-image size-full\"><a href=\"https:\/\/baquedano.com.ar\/sitio\/wp-content\/uploads\/2022\/02\/ruta81.jpg\"><img loading=\"lazy\" decoding=\"async\" width=\"300\" height=\"161\" class=\"wp-image-1217\" src=\"https:\/\/baquedano.com.ar\/sitio\/wp-content\/uploads\/2022\/02\/ruta81.jpg\" alt=\"\" srcset=\"https:\/\/baquedano.com.ar\/sitio\/wp-content\/uploads\/2022\/02\/ruta81.jpg 300w, https:\/\/baquedano.com.ar\/sitio\/wp-content\/uploads\/2022\/02\/ruta81-150x80.jpg 150w\" sizes=\"auto, (max-width: 300px) 100vw, 300px\" \/><\/a><\/figure>\r\n<\/div>\r\n<\/div>\r\n\r\n<p>&nbsp;<\/p>\r\n\r\n<div class=\"wp-block-columns is-layout-flex wp-container-core-columns-is-layout-9d6595d7 wp-block-columns-is-layout-flex\">\r\n<div class=\"wp-block-column is-layout-flow wp-block-column-is-layout-flow\" style=\"flex-basis: 66.66%;\">\r\n<p>Es por esto que debemos adapt\u00e1ndonos permanentemente a las exigencias del marketing, acompa\u00f1ando en cada momento con una s\u00f3lida presencia publicitaria en distintos medios y en exposiciones locales, regionales y nacionales.<\/p>\r\n<\/div>\r\n\r\n\r\n\r\n<div class=\"wp-block-column is-layout-flow wp-block-column-is-layout-flow\" style=\"flex-basis: 33.33%;\">\r\n<figure class=\"wp-block-image size-full\"><a href=\"https:\/\/baquedano.com.ar\/sitio\/wp-content\/uploads\/2022\/02\/ruta82.jpg\"><img loading=\"lazy\" decoding=\"async\" width=\"400\" height=\"198\" class=\"wp-image-1218\" src=\"https:\/\/baquedano.com.ar\/sitio\/wp-content\/uploads\/2022\/02\/ruta82.jpg\" alt=\"\" srcset=\"https:\/\/baquedano.com.ar\/sitio\/wp-content\/uploads\/2022\/02\/ruta82.jpg 400w, https:\/\/baquedano.com.ar\/sitio\/wp-content\/uploads\/2022\/02\/ruta82-300x149.jpg 300w, https:\/\/baquedano.com.ar\/sitio\/wp-content\/uploads\/2022\/02\/ruta82-200x99.jpg 200w\" sizes=\"auto, (max-width: 400px) 100vw, 400px\" \/><\/a><\/figure>\r\n<\/div>\r\n<\/div>\r\n\r\n<p>&nbsp;<\/p>\r\n\r\n<div class=\"wp-block-columns is-layout-flex wp-container-core-columns-is-layout-9d6595d7 wp-block-columns-is-layout-flex\">\r\n<div class=\"wp-block-column is-layout-flow wp-block-column-is-layout-flow\" style=\"flex-basis: 33.33%;\">\r\n<figure class=\"wp-block-image size-full\"><a href=\"https:\/\/baquedano.com.ar\/sitio\/wp-content\/uploads\/2022\/02\/LogoBH.gif\"><img loading=\"lazy\" decoding=\"async\" width=\"350\" height=\"74\" class=\"wp-image-1214\" src=\"https:\/\/baquedano.com.ar\/sitio\/wp-content\/uploads\/2022\/02\/LogoBH.gif\" alt=\"\" \/><\/a><\/figure>\r\n<\/div>\r\n\r\n\r\n\r\n<div class=\"wp-block-column is-layout-flow wp-block-column-is-layout-flow\" style=\"flex-basis: 66.66%;\">\r\n<p>Desde sus comienzos, este INCANSABLE y VISIONARIO matrimonio, se preocup\u00f3 por promocionar la actividad de la empresa en innumerables ferias locales y regionales, obteniendo gran cantidad de premios por su participaci\u00f3n. Ya en los tiempos presentes hemos asistido en exposiciones nacionales, publicitando nuestra empresa al Pa\u00eds.<\/p>\r\n<\/div>\r\n<\/div>\r\n\r\n<p>El constante esfuerzo y dedicaci\u00f3n por atender y entender a los clientes ha dado como resultado la confianza y fidelidad de ellos. Esto nos llev\u00f3 a\u00f1o tras a\u00f1o a aumentar la oferta de productos, abarcando rubros nuevos. Sin dejar de confeccionar lonas y toldos, en este momento fabricamos Cerramientos para Piletas Climatizadas, trabajos especiales tales como Lonas para Celdas para Acopio de Cereal, Comederos, Aguatolvas, Techos para Escenarios, etc<\/p>\r\n\r\n<p>&nbsp;<\/p>\r\n\r\n<div class=\"wp-block-columns is-layout-flex wp-container-core-columns-is-layout-9d6595d7 wp-block-columns-is-layout-flex\">\r\n<div class=\"wp-block-column is-layout-flow wp-block-column-is-layout-flow\" style=\"flex-basis: 33.33%;\">\r\n<figure class=\"wp-block-image size-full\"><a href=\"https:\/\/baquedano.com.ar\/sitio\/wp-content\/uploads\/2022\/02\/baqueoutdoor.jpg\"><img loading=\"lazy\" decoding=\"async\" width=\"720\" height=\"480\" class=\"wp-image-1210\" src=\"https:\/\/baquedano.com.ar\/sitio\/wp-content\/uploads\/2022\/02\/baqueoutdoor.jpg\" alt=\"\" srcset=\"https:\/\/baquedano.com.ar\/sitio\/wp-content\/uploads\/2022\/02\/baqueoutdoor.jpg 720w, https:\/\/baquedano.com.ar\/sitio\/wp-content\/uploads\/2022\/02\/baqueoutdoor-300x200.jpg 300w, https:\/\/baquedano.com.ar\/sitio\/wp-content\/uploads\/2022\/02\/baqueoutdoor-360x240.jpg 360w, https:\/\/baquedano.com.ar\/sitio\/wp-content\/uploads\/2022\/02\/baqueoutdoor-400x267.jpg 400w\" sizes=\"auto, (max-width: 720px) 100vw, 720px\" \/><\/a><\/figure>\r\n<\/div>\r\n\r\n\r\n\r\n<div class=\"wp-block-column is-layout-flow wp-block-column-is-layout-flow\" style=\"flex-basis: 66.66%;\">\r\n<p>Comercializamos tambi\u00e9n productos de protecci\u00f3n personal, seguridad industrial y de Camping. \u00daltimamente incorporamos indumentaria para tiempo libre, deportes invernales.<\/p>\r\n\r\n<p>Primero <strong>Baquedano Outdoor<\/strong> y ahora \u00a0<strong>Todo Terreno.<\/strong><\/p>\r\n<\/div>\r\n<\/div>\r\n\r\n<p>&nbsp;<\/p>\r\n\r\n<div class=\"wp-block-columns is-layout-flex wp-container-core-columns-is-layout-9d6595d7 wp-block-columns-is-layout-flex\">\r\n<div class=\"wp-block-column is-layout-flow wp-block-column-is-layout-flow\" style=\"flex-basis: 66.66%;\">\r\n<p>Hoy contamos con m\u00e1s de 850m2 entre F\u00e1brica, taller de reparaci\u00f3n, dep\u00f3sitos y 2 locales comerciales para el desarrollo, fabricaci\u00f3n y comercializaci\u00f3n de nuestros productos.<\/p>\r\n\r\n<p>Nuestra Empresa Familiar es fuente de trabajo para toda la familia y m\u00e1s de una veintena de colaboradores. En ella hemos podido desarrollarnos laboral y familiarmente, logrando la conjunci\u00f3n <strong>FAMILIA-EMPRESA \u00a0EMPRESA-FAMILIA<\/strong>, donde los afectos facilitan el trabajo de direcci\u00f3n y el trabajo mancomunado en la empresa estrecha lazos y entendimientos familiares.<\/p>\r\n<\/div>\r\n\r\n\r\n\r\n<div class=\"wp-block-column is-layout-flow wp-block-column-is-layout-flow\" style=\"flex-basis: 33.33%;\">\r\n<div class=\"wp-block-image\">\r\n<figure class=\"aligncenter size-full\"><a href=\"https:\/\/baquedano.com.ar\/sitio\/wp-content\/uploads\/2022\/02\/todoterreno.jpg\"><img loading=\"lazy\" decoding=\"async\" width=\"500\" height=\"225\" class=\"wp-image-1219\" src=\"https:\/\/baquedano.com.ar\/sitio\/wp-content\/uploads\/2022\/02\/todoterreno.jpg\" alt=\"\" srcset=\"https:\/\/baquedano.com.ar\/sitio\/wp-content\/uploads\/2022\/02\/todoterreno.jpg 500w, https:\/\/baquedano.com.ar\/sitio\/wp-content\/uploads\/2022\/02\/todoterreno-250x112.jpg 250w, https:\/\/baquedano.com.ar\/sitio\/wp-content\/uploads\/2022\/02\/todoterreno-300x135.jpg 300w, https:\/\/baquedano.com.ar\/sitio\/wp-content\/uploads\/2022\/02\/todoterreno-400x180.jpg 400w\" sizes=\"auto, (max-width: 500px) 100vw, 500px\" \/><\/a><\/figure>\r\n<\/div>\r\n<\/div>\r\n<\/div>\r\n\r\n<p>&nbsp;<\/p>\r\n\r\n<div class=\"wp-block-columns is-layout-flex wp-container-core-columns-is-layout-9d6595d7 wp-block-columns-is-layout-flex\">\r\n<div class=\"wp-block-column is-vertically-aligned-center is-layout-flow wp-block-column-is-layout-flow\" style=\"flex-basis: 33.33%;\">\r\n<figure class=\"wp-block-image size-full is-resized\"><a href=\"https:\/\/baquedano.com.ar\/sitio\/wp-content\/uploads\/2022\/02\/cuadro.jpg\"><img loading=\"lazy\" decoding=\"async\" class=\"wp-image-1212\" src=\"https:\/\/baquedano.com.ar\/sitio\/wp-content\/uploads\/2022\/02\/cuadro.jpg\" alt=\"\" width=\"396\" height=\"264\" srcset=\"https:\/\/baquedano.com.ar\/sitio\/wp-content\/uploads\/2022\/02\/cuadro.jpg 716w, https:\/\/baquedano.com.ar\/sitio\/wp-content\/uploads\/2022\/02\/cuadro-300x200.jpg 300w, https:\/\/baquedano.com.ar\/sitio\/wp-content\/uploads\/2022\/02\/cuadro-358x239.jpg 358w, https:\/\/baquedano.com.ar\/sitio\/wp-content\/uploads\/2022\/02\/cuadro-400x267.jpg 400w\" sizes=\"auto, (max-width: 396px) 100vw, 396px\" \/><\/a><\/figure>\r\n<\/div>\r\n\r\n\r\n\r\n<div class=\"wp-block-column is-layout-flow wp-block-column-is-layout-flow\" style=\"flex-basis: 66.66%;\">\r\n<p>Hoy nos encontramos en una empresa que es una industria, comercializa productos y brinda servicios.<\/p>\r\n\r\n<p><strong>Industria <\/strong>\u00a0de confecci\u00f3n de lonas. Aqu\u00ed se realiza todo el proceso productivo, que consta de revisi\u00f3n de las telas, corte seg\u00fan la medida que indican las \u00f3rdenes de trabajo, uni\u00f3n de los pa\u00f1os con soldadura por radio frecuencia, marcado de lona, colocaci\u00f3n de punteras-refuerzos, costura de orillo, colocaci\u00f3n de ojales y chicotes, impresi\u00f3n de inscripci\u00f3n, colocaci\u00f3n del logo de la empresa, y por \u00faltimo doblado y embalaje.<\/p>\r\n\r\n<p>En los salones de exposici\u00f3n y venta, brindamos atenci\u00f3n a los clientes y adem\u00e1s de nuestros productos, <strong>comercializamos<\/strong> una amplia variedad de art\u00edculos de marcas de prestigio nacional e internacional.<\/p>\r\n\r\n<p>Tambi\u00e9n brindamos el <strong>servicio<\/strong> pos-venta y de reparaci\u00f3n de los productos fabricados.<\/p>\r\n<\/div>\r\n<\/div>\r\n\r\n<p>&nbsp;<\/p>\r\n\r\n<blockquote class=\"wp-block-quote is-layout-flow wp-block-quote-is-layout-flow\">\r\n<p>Podemos afirmar, que en la actualidad, <strong>Baquedano<\/strong> posee un archivo de miles de clientes, muchos de los cuales son familias que son atendidos ya en tercera generaci\u00f3n.<\/p>\r\n<\/blockquote>\r\n\r\n<p>&nbsp;<\/p>\r\n\r\n<p class=\"has-text-align-center\"><strong>Ya lejos queda la imagen del inicio, aunque vigente a\u00fan, el deseo de mantenerse unidos, siempre juntos, para que la fuerza de uno sea el otro y as\u00ed poder brindar un servicio de excelencia a sus numerosos clientes.<\/strong> <strong>Se cumplen 50 a\u00f1os de la uni\u00f3n familiar y laboral de Baby y Germ\u00e1n.<\/strong><br \/><strong>Hijos, nuera, yernos, nietos y colaboradores, afrontamos juntos los nuevos desaf\u00edos del Futuros<\/strong><\/p>\r\n\r\n<p>&nbsp;<\/p>\r\n<p>[\/vc_column_text][\/vc_column][\/vc_row]<\/p>","protected":false},"excerpt":{"rendered":"<p>[vc_row rt_row_background_width=&#8221;fullwidth&#8221; rt_row_content_width=&#8221;default&#8221; rt_row_style=&#8221;default-style&#8221; rt_row_height=&#8221;&#8221; rt_column_gaps=&#8221;&#8221; rt_row_shadows=&#8221;&#8221; rt_row_borders=&#8221;&#8221; rt_bg_effect=&#8221;classic&#8221; rt_bg_image_repeat=&#8221;repeat&#8221; rt_bg_size=&#8221;cover&#8221; rt_bg_position=&#8221;right top&#8221; rt_bg_attachment=&#8221;scroll&#8221; rt_bg_layer=&#8221;&#8221; rt_bg_video_format=&#8221;self-hosted&#8221;][vc_column rt_bg_effect=&#8221;classic&#8221; rt_bg_image_repeat=&#8221;repeat&#8221; rt_bg_size=&#8221;auto auto&#8221; rt_bg_position=&#8221;right top&#8221; rt_bg_attachment=&#8221;scroll&#8221;][vc_column_text css=&#8221;.vc_custom_1745521188720{background-color: #f2f2f2 !important;}&#8221;] &nbsp; Un d\u00eda\u00a0 2 de Julio de 1955, tras unirse en matrimonio, Baby y Germ\u00e1n Baquedano se convierten en la RAIZ de esta FAMILIA EMPRESARIA. En los primeros tiempos, [&hellip;]<\/p>\n","protected":false},"author":3,"featured_media":0,"parent":0,"menu_order":0,"comment_status":"closed","ping_status":"closed","template":"","meta":{"footnotes":""},"class_list":["post-1241","page","type-page","status-publish","hentry"],"yoast_head":"<!-- This site is optimized with the Yoast SEO Premium plugin v26.2 (Yoast SEO v27.1.1) - https:\/\/yoast.com\/product\/yoast-seo-premium-wordpress\/ -->\n<title>Historia - Baquedano<\/title>\n<meta name=\"robots\" content=\"index, follow, max-snippet:-1, max-image-preview:large, max-video-preview:-1\" \/>\n<link rel=\"canonical\" href=\"https:\/\/baquedano.com.ar\/sitio\/historia-2\/\" \/>\n<meta property=\"og:locale\" content=\"es_ES\" \/>\n<meta property=\"og:type\" content=\"article\" \/>\n<meta property=\"og:title\" content=\"Historia\" \/>\n<meta property=\"og:description\" content=\"[vc_row rt_row_background_width=&#8221;fullwidth&#8221; rt_row_content_width=&#8221;default&#8221; rt_row_style=&#8221;default-style&#8221; rt_row_height=&#8221;&#8221; rt_column_gaps=&#8221;&#8221; rt_row_shadows=&#8221;&#8221; rt_row_borders=&#8221;&#8221; rt_bg_effect=&#8221;classic&#8221; rt_bg_image_repeat=&#8221;repeat&#8221; rt_bg_size=&#8221;cover&#8221; rt_bg_position=&#8221;right top&#8221; rt_bg_attachment=&#8221;scroll&#8221; rt_bg_layer=&#8221;&#8221; rt_bg_video_format=&#8221;self-hosted&#8221;][vc_column rt_bg_effect=&#8221;classic&#8221; rt_bg_image_repeat=&#8221;repeat&#8221; rt_bg_size=&#8221;auto auto&#8221; rt_bg_position=&#8221;right top&#8221; rt_bg_attachment=&#8221;scroll&#8221;][vc_column_text css=&#8221;.vc_custom_1745521188720{background-color: #f2f2f2 !important;}&#8221;] &nbsp; Un d\u00eda\u00a0 2 de Julio de 1955, tras unirse en matrimonio, Baby y Germ\u00e1n Baquedano se convierten en la RAIZ de esta FAMILIA EMPRESARIA. En los primeros tiempos, [&hellip;]\" \/>\n<meta property=\"og:url\" content=\"https:\/\/baquedano.com.ar\/sitio\/historia-2\/\" \/>\n<meta property=\"og:site_name\" content=\"Baquedano\" \/>\n<meta property=\"article:publisher\" content=\"https:\/\/www.facebook.com\/baquedano.german\/\" \/>\n<meta property=\"article:modified_time\" content=\"2025-04-24T18:59:54+00:00\" \/>\n<meta property=\"og:image\" content=\"http:\/\/baquedano.com.ar\/sitio\/wp-content\/uploads\/2022\/02\/desde1955.gif\" \/>\n<meta name=\"twitter:card\" content=\"summary_large_image\" \/>\n<meta name=\"twitter:label1\" content=\"Tiempo de lectura\" \/>\n\t<meta name=\"twitter:data1\" content=\"6 minutos\" \/>\n<script type=\"application\/ld+json\" class=\"yoast-schema-graph\">{\"@context\":\"https:\/\/schema.org\",\"@graph\":[{\"@type\":\"WebPage\",\"@id\":\"https:\/\/baquedano.com.ar\/sitio\/historia-2\/\",\"url\":\"https:\/\/baquedano.com.ar\/sitio\/historia-2\/\",\"name\":\"Historia - Baquedano\",\"isPartOf\":{\"@id\":\"https:\/\/baquedano.com.ar\/sitio\/#website\"},\"primaryImageOfPage\":{\"@id\":\"https:\/\/baquedano.com.ar\/sitio\/historia-2\/#primaryimage\"},\"image\":{\"@id\":\"https:\/\/baquedano.com.ar\/sitio\/historia-2\/#primaryimage\"},\"thumbnailUrl\":\"http:\/\/baquedano.com.ar\/sitio\/wp-content\/uploads\/2022\/02\/desde1955.gif\",\"datePublished\":\"2022-02-10T20:06:33+00:00\",\"dateModified\":\"2025-04-24T18:59:54+00:00\",\"breadcrumb\":{\"@id\":\"https:\/\/baquedano.com.ar\/sitio\/historia-2\/#breadcrumb\"},\"inLanguage\":\"es\",\"potentialAction\":[{\"@type\":\"ReadAction\",\"target\":[\"https:\/\/baquedano.com.ar\/sitio\/historia-2\/\"]}]},{\"@type\":\"ImageObject\",\"inLanguage\":\"es\",\"@id\":\"https:\/\/baquedano.com.ar\/sitio\/historia-2\/#primaryimage\",\"url\":\"http:\/\/baquedano.com.ar\/sitio\/wp-content\/uploads\/2022\/02\/desde1955.gif\",\"contentUrl\":\"http:\/\/baquedano.com.ar\/sitio\/wp-content\/uploads\/2022\/02\/desde1955.gif\"},{\"@type\":\"BreadcrumbList\",\"@id\":\"https:\/\/baquedano.com.ar\/sitio\/historia-2\/#breadcrumb\",\"itemListElement\":[{\"@type\":\"ListItem\",\"position\":1,\"name\":\"Portada\",\"item\":\"https:\/\/baquedano.com.ar\/sitio\/\"},{\"@type\":\"ListItem\",\"position\":2,\"name\":\"Historia\"}]},{\"@type\":\"WebSite\",\"@id\":\"https:\/\/baquedano.com.ar\/sitio\/#website\",\"url\":\"https:\/\/baquedano.com.ar\/sitio\/\",\"name\":\"German Baquedano\",\"description\":\"La fuerza de la calidad\",\"publisher\":{\"@id\":\"https:\/\/baquedano.com.ar\/sitio\/#organization\"},\"potentialAction\":[{\"@type\":\"SearchAction\",\"target\":{\"@type\":\"EntryPoint\",\"urlTemplate\":\"https:\/\/baquedano.com.ar\/sitio\/?s={search_term_string}\"},\"query-input\":{\"@type\":\"PropertyValueSpecification\",\"valueRequired\":true,\"valueName\":\"search_term_string\"}}],\"inLanguage\":\"es\"},{\"@type\":\"Organization\",\"@id\":\"https:\/\/baquedano.com.ar\/sitio\/#organization\",\"name\":\"Baquedano\",\"url\":\"https:\/\/baquedano.com.ar\/sitio\/\",\"logo\":{\"@type\":\"ImageObject\",\"inLanguage\":\"es\",\"@id\":\"https:\/\/baquedano.com.ar\/sitio\/#\/schema\/logo\/image\/\",\"url\":\"https:\/\/baquedano.com.ar\/sitio\/wp-content\/uploads\/2022\/02\/logo_tr.png\",\"contentUrl\":\"https:\/\/baquedano.com.ar\/sitio\/wp-content\/uploads\/2022\/02\/logo_tr.png\",\"width\":362,\"height\":119,\"caption\":\"Baquedano\"},\"image\":{\"@id\":\"https:\/\/baquedano.com.ar\/sitio\/#\/schema\/logo\/image\/\"},\"sameAs\":[\"https:\/\/www.facebook.com\/baquedano.german\/\",\"https:\/\/www.instagram.com\/baquedanog\/\"],\"email\":\"gbaquedano@baquedano.com.ar\",\"telephone\":\"+542477440611\"}]}<\/script>\n<!-- \/ Yoast SEO Premium plugin. -->","yoast_head_json":{"title":"Historia - Baquedano","robots":{"index":"index","follow":"follow","max-snippet":"max-snippet:-1","max-image-preview":"max-image-preview:large","max-video-preview":"max-video-preview:-1"},"canonical":"https:\/\/baquedano.com.ar\/sitio\/historia-2\/","og_locale":"es_ES","og_type":"article","og_title":"Historia","og_description":"[vc_row rt_row_background_width=&#8221;fullwidth&#8221; rt_row_content_width=&#8221;default&#8221; rt_row_style=&#8221;default-style&#8221; rt_row_height=&#8221;&#8221; rt_column_gaps=&#8221;&#8221; rt_row_shadows=&#8221;&#8221; rt_row_borders=&#8221;&#8221; rt_bg_effect=&#8221;classic&#8221; rt_bg_image_repeat=&#8221;repeat&#8221; rt_bg_size=&#8221;cover&#8221; rt_bg_position=&#8221;right top&#8221; rt_bg_attachment=&#8221;scroll&#8221; rt_bg_layer=&#8221;&#8221; rt_bg_video_format=&#8221;self-hosted&#8221;][vc_column rt_bg_effect=&#8221;classic&#8221; rt_bg_image_repeat=&#8221;repeat&#8221; rt_bg_size=&#8221;auto auto&#8221; rt_bg_position=&#8221;right top&#8221; rt_bg_attachment=&#8221;scroll&#8221;][vc_column_text css=&#8221;.vc_custom_1745521188720{background-color: #f2f2f2 !important;}&#8221;] &nbsp; Un d\u00eda\u00a0 2 de Julio de 1955, tras unirse en matrimonio, Baby y Germ\u00e1n Baquedano se convierten en la RAIZ de esta FAMILIA EMPRESARIA. En los primeros tiempos, [&hellip;]","og_url":"https:\/\/baquedano.com.ar\/sitio\/historia-2\/","og_site_name":"Baquedano","article_publisher":"https:\/\/www.facebook.com\/baquedano.german\/","article_modified_time":"2025-04-24T18:59:54+00:00","og_image":[{"url":"http:\/\/baquedano.com.ar\/sitio\/wp-content\/uploads\/2022\/02\/desde1955.gif","type":"","width":"","height":""}],"twitter_card":"summary_large_image","twitter_misc":{"Tiempo de lectura":"6 minutos"},"schema":{"@context":"https:\/\/schema.org","@graph":[{"@type":"WebPage","@id":"https:\/\/baquedano.com.ar\/sitio\/historia-2\/","url":"https:\/\/baquedano.com.ar\/sitio\/historia-2\/","name":"Historia - Baquedano","isPartOf":{"@id":"https:\/\/baquedano.com.ar\/sitio\/#website"},"primaryImageOfPage":{"@id":"https:\/\/baquedano.com.ar\/sitio\/historia-2\/#primaryimage"},"image":{"@id":"https:\/\/baquedano.com.ar\/sitio\/historia-2\/#primaryimage"},"thumbnailUrl":"http:\/\/baquedano.com.ar\/sitio\/wp-content\/uploads\/2022\/02\/desde1955.gif","datePublished":"2022-02-10T20:06:33+00:00","dateModified":"2025-04-24T18:59:54+00:00","breadcrumb":{"@id":"https:\/\/baquedano.com.ar\/sitio\/historia-2\/#breadcrumb"},"inLanguage":"es","potentialAction":[{"@type":"ReadAction","target":["https:\/\/baquedano.com.ar\/sitio\/historia-2\/"]}]},{"@type":"ImageObject","inLanguage":"es","@id":"https:\/\/baquedano.com.ar\/sitio\/historia-2\/#primaryimage","url":"http:\/\/baquedano.com.ar\/sitio\/wp-content\/uploads\/2022\/02\/desde1955.gif","contentUrl":"http:\/\/baquedano.com.ar\/sitio\/wp-content\/uploads\/2022\/02\/desde1955.gif"},{"@type":"BreadcrumbList","@id":"https:\/\/baquedano.com.ar\/sitio\/historia-2\/#breadcrumb","itemListElement":[{"@type":"ListItem","position":1,"name":"Portada","item":"https:\/\/baquedano.com.ar\/sitio\/"},{"@type":"ListItem","position":2,"name":"Historia"}]},{"@type":"WebSite","@id":"https:\/\/baquedano.com.ar\/sitio\/#website","url":"https:\/\/baquedano.com.ar\/sitio\/","name":"German Baquedano","description":"La fuerza de la calidad","publisher":{"@id":"https:\/\/baquedano.com.ar\/sitio\/#organization"},"potentialAction":[{"@type":"SearchAction","target":{"@type":"EntryPoint","urlTemplate":"https:\/\/baquedano.com.ar\/sitio\/?s={search_term_string}"},"query-input":{"@type":"PropertyValueSpecification","valueRequired":true,"valueName":"search_term_string"}}],"inLanguage":"es"},{"@type":"Organization","@id":"https:\/\/baquedano.com.ar\/sitio\/#organization","name":"Baquedano","url":"https:\/\/baquedano.com.ar\/sitio\/","logo":{"@type":"ImageObject","inLanguage":"es","@id":"https:\/\/baquedano.com.ar\/sitio\/#\/schema\/logo\/image\/","url":"https:\/\/baquedano.com.ar\/sitio\/wp-content\/uploads\/2022\/02\/logo_tr.png","contentUrl":"https:\/\/baquedano.com.ar\/sitio\/wp-content\/uploads\/2022\/02\/logo_tr.png","width":362,"height":119,"caption":"Baquedano"},"image":{"@id":"https:\/\/baquedano.com.ar\/sitio\/#\/schema\/logo\/image\/"},"sameAs":["https:\/\/www.facebook.com\/baquedano.german\/","https:\/\/www.instagram.com\/baquedanog\/"],"email":"gbaquedano@baquedano.com.ar","telephone":"+542477440611"}]}},"_links":{"self":[{"href":"https:\/\/baquedano.com.ar\/sitio\/wp-json\/wp\/v2\/pages\/1241","targetHints":{"allow":["GET"]}}],"collection":[{"href":"https:\/\/baquedano.com.ar\/sitio\/wp-json\/wp\/v2\/pages"}],"about":[{"href":"https:\/\/baquedano.com.ar\/sitio\/wp-json\/wp\/v2\/types\/page"}],"author":[{"embeddable":true,"href":"https:\/\/baquedano.com.ar\/sitio\/wp-json\/wp\/v2\/users\/3"}],"replies":[{"embeddable":true,"href":"https:\/\/baquedano.com.ar\/sitio\/wp-json\/wp\/v2\/comments?post=1241"}],"version-history":[{"count":0,"href":"https:\/\/baquedano.com.ar\/sitio\/wp-json\/wp\/v2\/pages\/1241\/revisions"}],"wp:attachment":[{"href":"https:\/\/baquedano.com.ar\/sitio\/wp-json\/wp\/v2\/media?parent=1241"}],"curies":[{"name":"wp","href":"https:\/\/api.w.org\/{rel}","templated":true}]}}